{"id":10970,"date":"2022-03-12T17:38:41","date_gmt":"2022-03-12T16:38:41","guid":{"rendered":"https:\/\/dev.oneia.net\/relier\/v1\/?page_id=10970"},"modified":"2022-06-01T09:17:34","modified_gmt":"2022-06-01T07:17:34","slug":"notre-demarche","status":"publish","type":"page","link":"https:\/\/dev.oneia.net\/relier\/v1\/notre-demarche\/","title":{"rendered":"Notre d\u00e9marche"},"content":{"rendered":"\t\t<div data-elementor-type=\"wp-page\" data-elementor-id=\"10970\" class=\"elementor elementor-10970\">\n\t\t\t\t\t\t\t\t\t<section class=\"elementor-section elementor-top-section elementor-element elementor-element-df63029 elementor-section-full_width qodef-elementor-content-grid elementor-section-height-default elementor-section-height-default\" data-id=\"df63029\" data-element_type=\"section\" data-settings=\"{&quot;background_background&quot;:&quot;classic&quot;}\">\n\t\t\t\t\t\t<div class=\"elementor-container elementor-column-gap-default\">\n\t\t\t\t\t<div class=\"elementor-column elementor-col-100 elementor-top-column elementor-element elementor-element-5f01649\" data-id=\"5f01649\" data-element_type=\"column\">\n\t\t\t<div class=\"elementor-widget-wrap elementor-element-populated\">\n\t\t\t\t\t\t\t\t<div class=\"elementor-element elementor-element-f198b2d elementor-widget__width-initial elementor-widget elementor-widget-boldnote_core_custom_font\" data-id=\"f198b2d\" data-element_type=\"widget\" data-widget_type=\"boldnote_core_custom_font.default\">\n\t\t\t\t<div class=\"elementor-widget-container\">\n\t\t\t<h1 class=\"qodef-shortcode qodef-m  qodef-custom-font qodef-custom-font-108 qodef-layout--simple qodef--has-animation\" style=\"color: #FFFFFF;--qodef-stroke-color: #FFFFFF\">LIEUX <span class=\"qodef-m-underlined\">D\u2019ACCUEIL<\/span> <span class=\"qodef-m-stroke\"><span class=\"qodef-m-regular-style\">RURAL<\/span><span class=\"qodef-m-stroke-style\"> RURAL<\/span><\/span> \u00c0 VOCATION <span class=\"qodef-m-stroke\"><span class=\"qodef-m-regular-style\">SOCIALE<\/span><span class=\"qodef-m-stroke-style\"> SOCIALE<\/span><\/span> OU <span class=\"qodef-m-italic\"><span class=\"qodef-m-regular-style\">TH\u00c9RAPEUTIQUE___<\/span><span class=\"qodef-m-italic-style\">TH\u00c9RAPEUTIQUE___<\/span><\/span><\/h1>\n\t\t<\/div>\n\t\t\t\t<\/div>\n\t\t\t\t\t<\/div>\n\t\t<\/div>\n\t\t\t\t\t\t\t<\/div>\n\t\t<\/section>\n\t\t\t\t<section class=\"elementor-section elementor-top-section elementor-element elementor-element-85b9577 qodef-elementor-content-grid elementor-section-full_width elementor-section-height-default elementor-section-height-default\" data-id=\"85b9577\" data-element_type=\"section\" id=\"objectifs\">\n\t\t\t\t\t\t<div class=\"elementor-container elementor-column-gap-default\">\n\t\t\t\t\t<div class=\"elementor-column elementor-col-33 elementor-top-column elementor-element elementor-element-f9e3b0d\" data-id=\"f9e3b0d\" data-element_type=\"column\">\n\t\t\t<div class=\"elementor-widget-wrap elementor-element-populated\">\n\t\t\t\t\t\t\t\t<div class=\"elementor-element elementor-element-0f61686 elementor-widget__width-initial elementor-widget-mobile__width-inherit elementor-widget elementor-widget-boldnote_core_section_title\" data-id=\"0f61686\" data-element_type=\"widget\" data-widget_type=\"boldnote_core_section_title.default\">\n\t\t\t\t<div class=\"elementor-widget-container\">\n\t\t\t<div class=\"qodef-shortcode qodef-m  qodef-section-title qodef-alignment--left \">\n\t\t<span class=\"qodef-m-tagline\" > <\/span>\n\t\t<h3 class=\"qodef-m-title\"  >\n\t\t\t\t\tCe <span class=\"qodef-m-stroke\">webdocumentaire<\/span> est issu d\u2019une recherche-action sur les \u00ab lieux <span class=\"qodef-m-italic\">d\u2019accueil<\/span> rural \u00e0 vocation <span class=\"qodef-m-italic\">sociale<\/span> ou th\u00e9rapeutique \u00bb.\t\t\t<\/h3>\n\t\t<p class=\"qodef-m-text\" style=\"font-size: 14px;text-transform: uppercase\">Objectifs g\u00e9n\u00e9raux \u2192<\/p>\n<\/div>\n\t\t<\/div>\n\t\t\t\t<\/div>\n\t\t\t\t\t<\/div>\n\t\t<\/div>\n\t\t\t\t<div class=\"elementor-column elementor-col-33 elementor-top-column elementor-element elementor-element-63757a3\" data-id=\"63757a3\" data-element_type=\"column\">\n\t\t\t<div class=\"elementor-widget-wrap elementor-element-populated\">\n\t\t\t\t\t\t\t\t<div class=\"elementor-element elementor-element-7791c83 elementor-widget__width-initial elementor-widget-tablet__width-inherit elementor-widget elementor-widget-boldnote_core_icon_with_text\" data-id=\"7791c83\" data-element_type=\"widget\" data-widget_type=\"boldnote_core_icon_with_text.default\">\n\t\t\t\t<div class=\"elementor-widget-container\">\n\t\t\t<div class=\"qodef-shortcode qodef-m  qodef-icon-with-text qodef-layout--top qodef--custom-icon qodef--retina  qodef-alignment--left\">\n\t<div class=\"qodef-m-icon-wrapper\">\n\t\t\t\t\t<img loading=\"lazy\" decoding=\"async\" width=\"144\" height=\"144\" src=\"https:\/\/dev.oneia.net\/relier\/v1\/wp-content\/uploads\/2021\/07\/h2-icon-img-1.png\" class=\"attachment-full size-full\" alt=\"jj\" \/>\t\t<\/div>\n\t<div class=\"qodef-m-content\">\n\t\t\t<h6 class=\"qodef-m-title\" >\n\t\t\t\t\t<span class=\"qodef-m-title-text\">exp\u00e9riences<\/span>\n\t\t\t<\/h6>\n\t\t\t<p class=\"qodef-m-text\" style=\"margin-top: 27px\">Recenser et mettre en lumi\u00e8re quelques exp\u00e9riences significatives d\u2019accueil : localisation, activit\u00e9s principales, fonctionnement, publics ;<\/p>\n\t\t\t<\/div>\n<\/div>\n\t\t<\/div>\n\t\t\t\t<\/div>\n\t\t\t\t<div class=\"elementor-element elementor-element-89fc91c elementor-widget__width-initial elementor-widget-tablet__width-inherit elementor-widget elementor-widget-boldnote_core_icon_with_text\" data-id=\"89fc91c\" data-element_type=\"widget\" data-widget_type=\"boldnote_core_icon_with_text.default\">\n\t\t\t\t<div class=\"elementor-widget-container\">\n\t\t\t<div class=\"qodef-shortcode qodef-m  qodef-icon-with-text qodef-layout--top qodef--custom-icon qodef--retina  qodef-alignment--left\">\n\t<div class=\"qodef-m-icon-wrapper\">\n\t\t\t\t\t<img loading=\"lazy\" decoding=\"async\" width=\"144\" height=\"144\" src=\"https:\/\/dev.oneia.net\/relier\/v1\/wp-content\/uploads\/2021\/07\/h2-icon-img-3.png\" class=\"attachment-full size-full\" alt=\"jj\" \/>\t\t<\/div>\n\t<div class=\"qodef-m-content\">\n\t\t\t<h6 class=\"qodef-m-title\" >\n\t\t\t\t\t<span class=\"qodef-m-title-text\">projets<\/span>\n\t\t\t<\/h6>\n\t\t\t<p class=\"qodef-m-text\" style=\"margin-top: 27px\">Mettre en lumi\u00e8re les principaux enjeux, types de difficult\u00e9s rencontr\u00e9es et facteurs de r\u00e9ussite dans la mise en \u0153uvre des projets ;<\/p>\n\t\t\t<\/div>\n<\/div>\n\t\t<\/div>\n\t\t\t\t<\/div>\n\t\t\t\t\t<\/div>\n\t\t<\/div>\n\t\t\t\t<div class=\"elementor-column elementor-col-33 elementor-top-column elementor-element elementor-element-f52c116\" data-id=\"f52c116\" data-element_type=\"column\">\n\t\t\t<div class=\"elementor-widget-wrap elementor-element-populated\">\n\t\t\t\t\t\t\t\t<div class=\"elementor-element elementor-element-4dbcf68 elementor-widget__width-initial elementor-widget-tablet__width-inherit elementor-widget elementor-widget-boldnote_core_icon_with_text\" data-id=\"4dbcf68\" data-element_type=\"widget\" data-widget_type=\"boldnote_core_icon_with_text.default\">\n\t\t\t\t<div class=\"elementor-widget-container\">\n\t\t\t<div class=\"qodef-shortcode qodef-m  qodef-icon-with-text qodef-layout--top qodef--custom-icon qodef--retina  qodef-alignment--left\">\n\t<div class=\"qodef-m-icon-wrapper\">\n\t\t\t\t\t<img loading=\"lazy\" decoding=\"async\" width=\"144\" height=\"144\" src=\"https:\/\/dev.oneia.net\/relier\/v1\/wp-content\/uploads\/2021\/07\/h2-icon-img-2.png\" class=\"attachment-full size-full\" alt=\"jj\" \/>\t\t<\/div>\n\t<div class=\"qodef-m-content\">\n\t\t\t<h6 class=\"qodef-m-title\" >\n\t\t\t\t\t<span class=\"qodef-m-title-text\">initiatives<\/span>\n\t\t\t<\/h6>\n\t\t\t<p class=\"qodef-m-text\" style=\"margin-top: 27px\">S\u2019int\u00e9resser \u00e0 l\u2019identit\u00e9 et aux trajectoires des porteurs de ces initiatives ; \n\nIdentifier leurs diverses motivations ;<\/p>\n\t\t\t<\/div>\n<\/div>\n\t\t<\/div>\n\t\t\t\t<\/div>\n\t\t\t\t<div class=\"elementor-element elementor-element-a5c88bc elementor-widget__width-initial elementor-widget-tablet__width-inherit elementor-widget elementor-widget-boldnote_core_icon_with_text\" data-id=\"a5c88bc\" data-element_type=\"widget\" data-widget_type=\"boldnote_core_icon_with_text.default\">\n\t\t\t\t<div class=\"elementor-widget-container\">\n\t\t\t<div class=\"qodef-shortcode qodef-m  qodef-icon-with-text qodef-layout--top qodef--custom-icon qodef--retina  qodef-alignment--left\">\n\t<div class=\"qodef-m-icon-wrapper\">\n\t\t\t\t\t<img loading=\"lazy\" decoding=\"async\" width=\"144\" height=\"144\" src=\"https:\/\/dev.oneia.net\/relier\/v1\/wp-content\/uploads\/2021\/07\/h2-icon-img-4.png\" class=\"attachment-full size-full\" alt=\"aa\" \/>\t\t<\/div>\n\t<div class=\"qodef-m-content\">\n\t\t\t<h6 class=\"qodef-m-title\" >\n\t\t\t\t\t<span class=\"qodef-m-title-text\">impacts<\/span>\n\t\t\t<\/h6>\n\t\t\t<p class=\"qodef-m-text\" style=\"margin-top: 27px\">D\u00e9gager les impacts identifi\u00e9s sur les structures porteuses, les personnes accueillies et les territoires d\u2019implantation, Mettre en perspective ces projets dans le contexte global de l\u2019accueil social et th\u00e9rapeutique, avec leurs \u00e9ventuelles sp\u00e9cificit\u00e9s.<\/p>\n\t\t\t<\/div>\n<\/div>\n\t\t<\/div>\n\t\t\t\t<\/div>\n\t\t\t\t\t<\/div>\n\t\t<\/div>\n\t\t\t\t\t\t\t<\/div>\n\t\t<\/section>\n\t\t\t\t<section class=\"elementor-section elementor-top-section elementor-element elementor-element-17e8c04 qodef-elementor-content-grid elementor-section-boxed elementor-section-height-default elementor-section-height-default\" data-id=\"17e8c04\" data-element_type=\"section\" data-settings=\"{&quot;background_background&quot;:&quot;classic&quot;}\">\n\t\t\t\t\t\t<div class=\"elementor-container elementor-column-gap-default\">\n\t\t\t\t\t<div class=\"elementor-column elementor-col-100 elementor-top-column elementor-element elementor-element-947977b\" data-id=\"947977b\" data-element_type=\"column\">\n\t\t\t<div class=\"elementor-widget-wrap elementor-element-populated\">\n\t\t\t\t\t\t\t\t<div class=\"elementor-element elementor-element-153497d elementor-widget elementor-widget-text-editor\" data-id=\"153497d\" data-element_type=\"widget\" data-widget_type=\"text-editor.default\">\n\t\t\t\t<div class=\"elementor-widget-container\">\n\t\t\t<style>\/*! elementor - v3.13.2 - 11-05-2023 *\/\n.elementor-widget-text-editor.elementor-drop-cap-view-stacked .elementor-drop-cap{background-color:#69727d;color:#fff}.elementor-widget-text-editor.elementor-drop-cap-view-framed .elementor-drop-cap{color:#69727d;border:3px solid;background-color:transparent}.elementor-widget-text-editor:not(.elementor-drop-cap-view-default) .elementor-drop-cap{margin-top:8px}.elementor-widget-text-editor:not(.elementor-drop-cap-view-default) .elementor-drop-cap-letter{width:1em;height:1em}.elementor-widget-text-editor .elementor-drop-cap{float:left;text-align:center;line-height:1;font-size:50px}.elementor-widget-text-editor .elementor-drop-cap-letter{display:inline-block}<\/style>\t\t\t\t<h3 style=\"color:white;\">Objet<\/h3>\n<p>Ce webdocumentaire est issu d\u2019une recherche &#8211; action sur les \u00ab lieux d\u2019accueil rural \u00e0 vocation sociale ou th\u00e9rapeutique \u00bb. Il s\u2019agit d\u2019initiatives \u00e0 taille humaine, o\u00f9 des personnes confront\u00e9es \u00e0 des formes diverses de souffrance sociale ou psychique sont accueillies, avec un h\u00e9bergement sur place, de mani\u00e8re temporaire ou p\u00e9renne, et sont accompagn\u00e9es selon leurs besoins et singularit\u00e9s. Ces projets s\u2019articulent autour d\u2019espaces et de temps partag\u00e9s et composent avec leur environnement proche au quotidien. Ils accordent une attention particuli\u00e8re \u00e0 l\u2019initiative et au cheminement de chacun-e, avec une pr\u00e9occupation pour la sant\u00e9 globale des personnes, au sens de bien-\u00eatre physique, mental et social.<\/p>\t\t\t\t\t\t<\/div>\n\t\t\t\t<\/div>\n\t\t\t\t\t<\/div>\n\t\t<\/div>\n\t\t\t\t\t\t\t<\/div>\n\t\t<\/section>\n\t\t\t\t<section class=\"elementor-section elementor-top-section elementor-element elementor-element-a8971f7 qodef-elementor-content-grid elementor-section-boxed elementor-section-height-default elementor-section-height-default\" data-id=\"a8971f7\" data-element_type=\"section\">\n\t\t\t\t\t\t<div class=\"elementor-container elementor-column-gap-default\">\n\t\t\t\t\t<div class=\"elementor-column elementor-col-50 elementor-top-column elementor-element elementor-element-a13728d\" data-id=\"a13728d\" data-element_type=\"column\">\n\t\t\t<div class=\"elementor-widget-wrap elementor-element-populated\">\n\t\t\t\t\t\t\t\t<div class=\"elementor-element elementor-element-de3d6fa elementor-widget__width-initial elementor-widget-mobile__width-inherit elementor-widget elementor-widget-boldnote_core_section_title\" data-id=\"de3d6fa\" data-element_type=\"widget\" data-widget_type=\"boldnote_core_section_title.default\">\n\t\t\t\t<div class=\"elementor-widget-container\">\n\t\t\t<div class=\"qodef-shortcode qodef-m  qodef-section-title qodef-alignment--left \">\n\t\t<span class=\"qodef-m-tagline\" > <\/span>\n\t\t<h2 class=\"qodef-m-title\"  >\n\t\t\t\t\tContexte et origine du projet\t\t\t<\/h2>\n\t\t<p class=\"qodef-m-text\" style=\"font-size: 14px;text-transform: uppercase\">Notre d\u00e9marche<\/p>\n<\/div>\n\t\t<\/div>\n\t\t\t\t<\/div>\n\t\t\t\t\t<\/div>\n\t\t<\/div>\n\t\t\t\t<div class=\"elementor-column elementor-col-50 elementor-top-column elementor-element elementor-element-d78a0f5\" data-id=\"d78a0f5\" data-element_type=\"column\">\n\t\t\t<div class=\"elementor-widget-wrap elementor-element-populated\">\n\t\t\t\t\t\t\t\t<div class=\"elementor-element elementor-element-060f87e elementor-widget elementor-widget-text-editor\" data-id=\"060f87e\" data-element_type=\"widget\" data-widget_type=\"text-editor.default\">\n\t\t\t\t<div class=\"elementor-widget-container\">\n\t\t\t\t\t\t\t<p>Ces initiatives tendent \u00e0 se d\u00e9velopper mais restent peu (re)connues. Tant\u00f4t port\u00e9es par des professionels du m\u00e9dico-social en reconversion, des actifs en recherche de diversification et\/ou des n\u00e9o-ruraux et en qu\u00eate de sens, elles questionnent la vocation des installations et la conception de la ruralit\u00e9 comme refuge ou terre d\u2019\u00e9lection de nouvelles r\u00e9siliences. Ces projets peuvent se r\u00e9clamer du soin, de l\u2019\u00e9ducation par l\u2019environnement, du travail social ou sanitaire ; ils font appel \u00e0 des savoirs et comp\u00e9tences vari\u00e9es en lien plus ou moins \u00e9troit avec l\u2019agriculture et le milieu vivant\u2026Cependant nous disposons \u00e0 ce jour de peu de donn\u00e9es objectives sur les origines, la mise en \u0153uvre et les impacts de ces initiatives.<\/p>\n<p>Par son histoire autour des d\u00e9marches collectives et de la pluriactivit\u00e9 rurale, son r\u00e9seau renouvel\u00e9 au gr\u00e9 des chantiers et ses travaux r\u00e9cents sur l\u2019habitat et les tiers-lieux, Relier est interpel\u00e9 pour appuyer, orienter ou relayer ces initiatives, aussi diverses qu\u2019elles soient. Le contexte de l\u2019\u00e9pid\u00e9mie de Covid 19, la mont\u00e9e en puissance des enjeux environnementaux et sanitaires &#8211; avec un regain d\u2019int\u00e9r\u00eat pour le rural, ne font qu\u2019amplifier cette demande et l\u2019acuit\u00e9 des probl\u00e8mes soulev\u00e9s.<\/p>\t\t\t\t\t\t<\/div>\n\t\t\t\t<\/div>\n\t\t\t\t\t<\/div>\n\t\t<\/div>\n\t\t\t\t\t\t\t<\/div>\n\t\t<\/section>\n\t\t\t\t<section class=\"elementor-section elementor-top-section elementor-element elementor-element-a7aaeae qodef-elementor-content-grid elementor-section-boxed elementor-section-height-default elementor-section-height-default\" data-id=\"a7aaeae\" data-element_type=\"section\" data-settings=\"{&quot;background_background&quot;:&quot;classic&quot;}\">\n\t\t\t\t\t\t<div class=\"elementor-container elementor-column-gap-default\">\n\t\t\t\t\t<div class=\"elementor-column elementor-col-100 elementor-top-column elementor-element elementor-element-4d242da\" data-id=\"4d242da\" data-element_type=\"column\">\n\t\t\t<div class=\"elementor-widget-wrap elementor-element-populated\">\n\t\t\t\t\t\t\t\t<div class=\"elementor-element elementor-element-841cc2d elementor-widget elementor-widget-text-editor\" data-id=\"841cc2d\" data-element_type=\"widget\" data-widget_type=\"text-editor.default\">\n\t\t\t\t<div class=\"elementor-widget-container\">\n\t\t\t\t\t\t\t<h3 style=\"color: white;\">Enjeux de l\u2019exploration<\/h3>\n<p>Les lieux d\u2019accueil ruraux \u00e0 vocation sociale et th\u00e9rapeutique apparaissent au croisement de plusieurs enjeux : coh\u00e9sion sociale, rapport \u00e0 la diff\u00e9rence, questions de sant\u00e9 et bien-\u00eatre, dynamiques collectives en rural, d\u00e9veloppement local&#8230;<\/p><p>C\u2019est pourquoi l\u2019enqu\u00eate a explor\u00e9 les aspects suivants : les origines et la construction des projets, les relations et m\u00e9diations qui s\u2019y tissent, l\u2019ad\u00e9quation des espaces aux diff\u00e9rents usages, les rapports \u00e0 l\u2019environnement et au territoire\u2026<\/p>\t\t\t\t\t\t<\/div>\n\t\t\t\t<\/div>\n\t\t\t\t\t<\/div>\n\t\t<\/div>\n\t\t\t\t\t\t\t<\/div>\n\t\t<\/section>\n\t\t\t\t<section class=\"elementor-section elementor-top-section elementor-element elementor-element-a66e151 qodef-elementor-content-grid elementor-section-boxed elementor-section-height-default elementor-section-height-default\" data-id=\"a66e151\" data-element_type=\"section\">\n\t\t\t\t\t\t<div class=\"elementor-container elementor-column-gap-default\">\n\t\t\t\t\t<div class=\"elementor-column elementor-col-50 elementor-top-column elementor-element elementor-element-bbf75b9\" data-id=\"bbf75b9\" data-element_type=\"column\">\n\t\t\t<div class=\"elementor-widget-wrap elementor-element-populated\">\n\t\t\t\t\t\t\t\t<div class=\"elementor-element elementor-element-d6d03f9 elementor-widget__width-initial elementor-widget-mobile__width-inherit elementor-widget elementor-widget-boldnote_core_section_title\" data-id=\"d6d03f9\" data-element_type=\"widget\" data-widget_type=\"boldnote_core_section_title.default\">\n\t\t\t\t<div class=\"elementor-widget-container\">\n\t\t\t<div class=\"qodef-shortcode qodef-m  qodef-section-title qodef-alignment--left \">\n\t\t<span class=\"qodef-m-tagline\" > <\/span>\n\t\t<h2 class=\"qodef-m-title\"  >\n\t\t\t\t\tHistorique :\t\t\t<\/h2>\n\t\t<p class=\"qodef-m-text\" style=\"font-size: 14px;text-transform: uppercase\">Notre d\u00e9marche<\/p>\n<\/div>\n\t\t<\/div>\n\t\t\t\t<\/div>\n\t\t\t\t\t<\/div>\n\t\t<\/div>\n\t\t\t\t<div class=\"elementor-column elementor-col-50 elementor-top-column elementor-element elementor-element-7f4ff82\" data-id=\"7f4ff82\" data-element_type=\"column\">\n\t\t\t<div class=\"elementor-widget-wrap elementor-element-populated\">\n\t\t\t\t\t\t\t\t<div class=\"elementor-element elementor-element-451dc50 elementor-widget elementor-widget-be-timeline\" data-id=\"451dc50\" data-element_type=\"widget\" data-settings=\"{&quot;_animation&quot;:&quot;none&quot;}\" data-widget_type=\"be-timeline.default\">\n\t\t\t\t<div class=\"elementor-widget-container\">\n\t\t\t<ul class=\"be-pack timeline\"><li class=\"timeline-inverted\"><div class=\"tl-circ\"><\/div>\n\t\t\t  <div class=\"timeline-panel\">\n\t\t\t\t<div class=\"tl-heading\">\n\t\t\t\t\t<div class=\"tl-content\">\n\t\t\t\t\t\t\n\t\t\t\t\t\t<div class=\"be-desc\">\n\t\t\t\t\t\t<h4 class=\"be-title d-block\">2018<\/h4>\n\t\t\t\t\t\t<div class=\"be-content\"><p>- Emergence de l\u2019id\u00e9e d\u2019enqu\u00eate, constitution d\u2019un groupe de travail<\/p><p>- Phase de cadrage et r\u00e9daction d'une note d'intentions<\/p><\/div>\n\t\t\t\t\t\t<\/div>\n\t\t\t\t\t<\/div>\n\t\t\t\t<\/div>\n\t\t\t  <\/div>\n\t\t\t<\/li><li class=\"timeline-right\"><div class=\"tl-circ\"><\/div>\n\t\t\t  <div class=\"timeline-panel\">\n\t\t\t\t<div class=\"tl-heading\">\n\t\t\t\t\t<div class=\"tl-content\">\n\t\t\t\t\t\t\n\t\t\t\t\t\t<div class=\"be-desc\">\n\t\t\t\t\t\t<h4 class=\"be-title d-block\">2019<\/h4>\n\t\t\t\t\t\t<div class=\"be-content\"><p>- Veille sur des exp\u00e9riences originales, recherches bibliographiques et prise de contact avec des acteurs ressources<\/p><p>- Pr\u00e9s\u00e9lection d'une douzaine d'exp\u00e9riences qualifi\u00e9es \u00e0 enqu\u00eater<\/p><\/div>\n\t\t\t\t\t\t<\/div>\n\t\t\t\t\t<\/div>\n\t\t\t\t<\/div>\n\t\t\t  <\/div>\n\t\t\t<\/li><li class=\"timeline-inverted\"><div class=\"tl-circ\"><\/div>\n\t\t\t  <div class=\"timeline-panel\">\n\t\t\t\t<div class=\"tl-heading\">\n\t\t\t\t\t<div class=\"tl-content\">\n\t\t\t\t\t\t\n\t\t\t\t\t\t<div class=\"be-desc\">\n\t\t\t\t\t\t<h4 class=\"be-title d-block\">2020<\/h4>\n\t\t\t\t\t\t<div class=\"be-content\"><p>- Veille sur des exp\u00e9riences originales, recherches bibliographiques et prise de contact avec des acteurs ressources<\/p><p>- Pr\u00e9s\u00e9lection d'une douzaine d'exp\u00e9riences qualifi\u00e9es \u00e0 enqu\u00eater<\/p><\/div>\n\t\t\t\t\t\t<\/div>\n\t\t\t\t\t<\/div>\n\t\t\t\t<\/div>\n\t\t\t  <\/div>\n\t\t\t<\/li><li class=\"timeline-right\"><div class=\"tl-circ\"><\/div>\n\t\t\t  <div class=\"timeline-panel\">\n\t\t\t\t<div class=\"tl-heading\">\n\t\t\t\t\t<div class=\"tl-content\">\n\t\t\t\t\t\t\n\t\t\t\t\t\t<div class=\"be-desc\">\n\t\t\t\t\t\t<h4 class=\"be-title d-block\">2021<\/h4>\n\t\t\t\t\t\t<div class=\"be-content\"><p>- R\u00e9alisation des premiers montages sonores<\/p><p>- Poursuite des visites, transcriptions et montages<\/p><p>- Atelier de partage des premiers mat\u00e9riaux<\/p><\/div>\n\t\t\t\t\t\t<\/div>\n\t\t\t\t\t<\/div>\n\t\t\t\t<\/div>\n\t\t\t  <\/div>\n\t\t\t<\/li><li class=\"timeline-inverted\"><div class=\"tl-circ\"><\/div>\n\t\t\t  <div class=\"timeline-panel\">\n\t\t\t\t<div class=\"tl-heading\">\n\t\t\t\t\t<div class=\"tl-content\">\n\t\t\t\t\t\t\n\t\t\t\t\t\t<div class=\"be-desc\">\n\t\t\t\t\t\t<h4 class=\"be-title d-block\">2022<\/h4>\n\t\t\t\t\t\t<div class=\"be-content\"><p>- Finalisation des derniers montages<\/p><p>- Conception de ce webdocumentaire de sensibilisation<\/p><p>- Ateliers de discussion des r\u00e9sultats, valorisation et diffusion...<\/p><\/div>\n\t\t\t\t\t\t<\/div>\n\t\t\t\t\t<\/div>\n\t\t\t\t<\/div>\n\t\t\t  <\/div>\n\t\t\t<\/li><\/ul>\t\t<\/div>\n\t\t\t\t<\/div>\n\t\t\t\t\t<\/div>\n\t\t<\/div>\n\t\t\t\t\t\t\t<\/div>\n\t\t<\/section>\n\t\t\t\t<section class=\"elementor-section elementor-top-section elementor-element elementor-element-5ce0ba6 qodef-elementor-content-grid elementor-section-boxed elementor-section-height-default elementor-section-height-default\" data-id=\"5ce0ba6\" data-element_type=\"section\" data-settings=\"{&quot;background_background&quot;:&quot;classic&quot;}\">\n\t\t\t\t\t\t<div class=\"elementor-container elementor-column-gap-default\">\n\t\t\t\t\t<div class=\"elementor-column elementor-col-100 elementor-top-column elementor-element elementor-element-51453ae\" data-id=\"51453ae\" data-element_type=\"column\">\n\t\t\t<div class=\"elementor-widget-wrap elementor-element-populated\">\n\t\t\t\t\t\t\t\t<div class=\"elementor-element elementor-element-8c26e6b elementor-widget__width-initial elementor-widget elementor-widget-boldnote_core_custom_font\" data-id=\"8c26e6b\" data-element_type=\"widget\" data-widget_type=\"boldnote_core_custom_font.default\">\n\t\t\t\t<div class=\"elementor-widget-container\">\n\t\t\t<h1 class=\"qodef-shortcode qodef-m  qodef-custom-font qodef-custom-font-532 qodef-layout--simple qodef--has-animation\" style=\"color: #FFFFFF;--qodef-stroke-color: #FFFFFF\">LA VUE D\u2019ENSEMBLE DES <span class=\"qodef-m-italic\"><span class=\"qodef-m-regular-style\">EXP\u00c9RIENCES<\/span><span class=\"qodef-m-italic-style\">EXP\u00c9RIENCES<\/span><\/span> VISIT\u00c9ES___<\/h1>\n\t\t<\/div>\n\t\t\t\t<\/div>\n\t\t\t\t<div class=\"elementor-element elementor-element-19f179b elementor-widget elementor-widget-boldnote_core_button\" data-id=\"19f179b\" data-element_type=\"widget\" data-widget_type=\"boldnote_core_button.default\">\n\t\t\t\t<div class=\"elementor-widget-container\">\n\t\t\t<a class=\"qodef-shortcode qodef-m  qodef-button qodef-layout--outlined  qodef-html--link qodef-skin--light\" href=\"https:\/\/dev.oneia.net\/relier\/v1\/category\/documentaire\/\" target=\"_self\"  >\n\t<span class=\"qodef-m-text\">documentaires<\/span>\n<\/a>\n\t\t<\/div>\n\t\t\t\t<\/div>\n\t\t\t\t\t<\/div>\n\t\t<\/div>\n\t\t\t\t\t\t\t<\/div>\n\t\t<\/section>\n\t\t\t\t\t\t\t<\/div>\n\t\t","protected":false},"excerpt":{"rendered":"<p>LIEUX D\u2019ACCUEIL RURAL RURAL \u00c0 VOCATION SOCIALE SOCIALE OU TH\u00c9RAPEUTIQUE___TH\u00c9RAPEUTIQUE___ Ce webdocumentaire est issu d\u2019une recherche-action sur les \u00ab lieux d\u2019accueil rural \u00e0 vocation sociale ou th\u00e9rapeutique \u00bb. Objectifs g\u00e9n\u00e9raux \u2192 exp\u00e9riences Recenser et mettre en lumi\u00e8re quelques exp\u00e9riences significatives d\u2019accueil : localisation, activit\u00e9s principales, fonctionnement, publics ; projets Mettre en lumi\u00e8re les principaux enjeux, [&hellip;]<\/p>\n","protected":false},"author":1,"featured_media":11046,"parent":0,"menu_order":0,"comment_status":"closed","ping_status":"closed","template":"page-full-width.php","meta":{"footnotes":""},"class_list":["post-10970","page","type-page","status-publish","has-post-thumbnail","hentry"],"_links":{"self":[{"href":"https:\/\/dev.oneia.net\/relier\/v1\/wp-json\/wp\/v2\/pages\/10970","targetHints":{"allow":["GET"]}}],"collection":[{"href":"https:\/\/dev.oneia.net\/relier\/v1\/wp-json\/wp\/v2\/pages"}],"about":[{"href":"https:\/\/dev.oneia.net\/relier\/v1\/wp-json\/wp\/v2\/types\/page"}],"author":[{"embeddable":true,"href":"https:\/\/dev.oneia.net\/relier\/v1\/wp-json\/wp\/v2\/users\/1"}],"replies":[{"embeddable":true,"href":"https:\/\/dev.oneia.net\/relier\/v1\/wp-json\/wp\/v2\/comments?post=10970"}],"version-history":[{"count":0,"href":"https:\/\/dev.oneia.net\/relier\/v1\/wp-json\/wp\/v2\/pages\/10970\/revisions"}],"wp:featuredmedia":[{"embeddable":true,"href":"https:\/\/dev.oneia.net\/relier\/v1\/wp-json\/wp\/v2\/media\/11046"}],"wp:attachment":[{"href":"https:\/\/dev.oneia.net\/relier\/v1\/wp-json\/wp\/v2\/media?parent=10970"}],"curies":[{"name":"wp","href":"https:\/\/api.w.org\/{rel}","templated":true}]}}